{"id":59,"date":"2013-10-23T18:48:05","date_gmt":"2013-10-23T16:48:05","guid":{"rendered":"http:\/\/legions-romaines.fr\/blog\/?page_id=59"},"modified":"2025-06-11T18:09:37","modified_gmt":"2025-06-11T16:09:37","slug":"bibliotheque-numerique","status":"publish","type":"page","link":"https:\/\/www.legions-romaines.fr\/blog\/bibliotheque-numerique\/","title":{"rendered":"BIBLIOTH\u00c8QUE NUM\u00c9RIQUE"},"content":{"rendered":"\n<p>Cette biblioth\u00e8que num\u00e9rique a pour objectif de favoriser l&rsquo;acc\u00e8s du plus grand nombre \u00e0 des ouvrages et des articles utiles \u00e0 la recherche sur les l\u00e9gions romaines. Les textes propos\u00e9s au t\u00e9l\u00e9chargement font g\u00e9n\u00e9ralement partie du domaine public. D&rsquo;autres sont mis \u00e0 disposition avec l&rsquo;accord de leur auteur.<\/p>\n\n\n\n<p><strong>RECHERCHES PERSONNELLES :<\/strong><\/p>\n\n\n\n<p>GERARDIN (B.), <em>La L\u00e9gion des Alouettes<\/em>, M\u00e9moire de M2, Universit\u00e9 de Franche-Comt\u00e9, Besan\u00e7on, 2009, 332 pages. In\u00e9dit. <a href=\"http:\/\/legions-romaines.fr\/alaudae\/gerardin_2009.pdf\" target=\"_blank\" rel=\"noopener noreferrer\">[t\u00e9l\u00e9charger le PDF]<\/a><\/p>\n\n\n\n<p><em>Ce m\u00e9moire de Master 2 est le fruit de mes recherches personnelles, effectu\u00e9es de 2007 \u00e0 2009 \u00e0 l&rsquo;universit\u00e9 de Franche-Comt\u00e9. J&rsquo;y propose un regard renouvel\u00e9 sur cette unit\u00e9 peu orthodoxe, au sujet de laquelle nous avons bien plus de doutes que de certitudes. Une approche critique des sources et de l&rsquo;historiographie m&rsquo;a en effet amen\u00e9 \u00e0 remettre en cause la plupart des hypoth\u00e8ses formul\u00e9es au sujet de la \u00ab\u00a0l\u00e9gion gauloise\u00a0\u00bb de C\u00e9sar. Les deux premi\u00e8res parties du m\u00e9moire sont consacr\u00e9es \u00e0 la d\u00e9construction de ce mythe historiographique et la troisi\u00e8me propose une analyse des sources \u00e0 notre disposition sur la <\/em>Legio V Alaudae<em> imp\u00e9riale. <\/em><a href=\"http:\/\/www.legions-romaines.fr\/blog\/alaudae\" target=\"_blank\" rel=\"noopener noreferrer\">[en savoir plus]<\/a><em><br><\/em><\/p>\n\n\n\n<p><strong>OUVRAGES SUR LES L\u00c9GIONS :<\/strong><\/p>\n\n\n\n<p>LESQUIER (J.), <em>L&rsquo;Arm\u00e9e romaine d&rsquo;Egypte d&rsquo;Auguste \u00e0 Diocl\u00e9tien<\/em>, deux volumes, Le Caire, Institut Fran\u00e7ais d&rsquo;Arch\u00e9ologie Orientale, 1918, 586 pages. [<a href=\"http:\/\/legions-romaines.fr\/ouvrages\/lesquier_1918_egypte.pdf\" target=\"_blank\" rel=\"noopener noreferrer\">t\u00e9l\u00e9charger le PDF<\/a>]<\/p>\n\n\n\n<p>SCHMITTHENNER (W.C.G.), <em>The Armies of the Triumviral Period: A Study of the Origins of the Roman Imperial Legions<\/em>, Oxford, th\u00e8se in\u00e9dite, 1958, 260 pages. [<a href=\"http:\/\/legions-romaines.fr\/blog\/2020\/04\/walter-schmitthenner-the-armies-of-the-triumviral-period\/\">disponible ici<\/a>]<\/p>\n\n\n\n<p><strong>ARTICLES SUR LES L\u00c9GIONS :<\/strong><\/p>\n\n\n\n<p>CAGNAT (R.), \u00ab\u00a0Legio\u00a0\u00bb, dans <em>Dictionnaire des antiquit\u00e9s grecques et romaines<\/em>, III.2, Paris, 1904, col. 1047-1093. [<a href=\"http:\/\/www.legions-romaines.fr\/articles\/cagnat_1904_legio.pdf\" target=\"_blank\" rel=\"noopener noreferrer\">t\u00e9l\u00e9charger le PDF<\/a>]<\/p>\n\n\n\n<p>DOMASZEWSKI (A. Von), \u00ab\u00a0Zur Geschichte der Legionen XIII bis XX\u00a0\u00bb, dans <em>Korrespondenzblatt der Westdeutschen Zeitschrift f\u00fcr Geschichte und Kunst<\/em>, 10, 1891, p.&nbsp;59-63. <a href=\"http:\/\/www.legions-romaines.fr\/articles\/domaszewski_1891_legionen.pdf\" target=\"_blank\" rel=\"noopener noreferrer\">[t\u00e9l\u00e9charger le PDF]<\/a><\/p>\n\n\n\n<p>DOMASZEWSKI (A. Von), \u00ab\u00a0Zur Geschichte der legio XIIII Gemina\u00a0\u00bb, dans <em>Korrespondenzblatt der Westdeutschen Zeitschrift f\u00fcr Geschichte und Kunst<\/em>, 10, 1891, p.&nbsp;252-254. <a href=\"http:\/\/www.legions-romaines.fr\/articles\/domaszewski_1891_gemina.pdf\" target=\"_blank\" rel=\"noopener noreferrer\">[t\u00e9l\u00e9charger le PDF]<\/a><\/p>\n\n\n\n<p>DOMASZEWSKI (A. von), \u00ab\u00a0Die Thierbilder der Signa\u00a0\u00bb, dans <em>Archaeologisch-Epigraphische Mittheilungen aus Oesterreich-Ungarn<\/em>, 15, 1892, p. 182-193. <a href=\"http:\/\/www.legions-romaines.fr\/articles\/domaszewski_1892_thierbilder.pdf\" target=\"_blank\" rel=\"noopener noreferrer\">[t\u00e9l\u00e9charger le PDF]<\/a><\/p>\n\n\n\n<p><em>Un article fondamental, au sein duquel Alfred von Domaszewski \u00e9tablit pour la premi\u00e8re fois un lien entre les embl\u00e8mes des l\u00e9gions romaines et leurs origines : les l\u00e9gions plac\u00e9es sous le signe du taureau sont celles qui ont servi du temps de C\u00e9sar, celles qui arborent un capricorne comme embl\u00e8me ont \u00e9t\u00e9 form\u00e9es par Auguste, etc.<\/em><\/p>\n\n\n\n<p>DOMASZEWSKI (A. von), \u00ab\u00a0Die Heere der B\u00fcrgerkriege in den Jahren 49 bis 42 vor Christus\u00a0\u00bb, dans <em>Neue Heidelberger Jahrb\u00fccher<\/em>, 4, 1894, p. 157-188. <a href=\"http:\/\/www.legions-romaines.fr\/articles\/domaszewski_1894_heere.pdf\" target=\"_blank\" rel=\"noopener noreferrer\">[t\u00e9l\u00e9charger le PDF]<\/a><\/p>\n\n\n\n<p>KUBITSCHEK (W.), \u00ab&nbsp;<em>Legio<\/em>. Republikanische Zeit&nbsp;\u00bb, dans&nbsp;<em>Paulys Realencyclop\u00e4die der classischen Altertumswissenschaft<\/em>, XII.1, Stuttgart, 1924, col. 1186-1210. [<a href=\"http:\/\/legions-romaines.fr\/blog\/2019\/02\/emil-ritterling-legio-realencyclopaedie\/\" target=\"_blank\" rel=\"noopener noreferrer\">disponible ici<\/a>]<\/p>\n\n\n\n<p>KUBITSCHEK (W.), \u00ab&nbsp;<em>Legio<\/em>. Der sp\u00e4teren Zeit&nbsp;\u00bb, dans&nbsp;<em>Paulys Realencyclop\u00e4die der classischen Altertumswissenschaft<\/em>, XII.2, Stuttgart, 1925, col. 1829-1837. [<a href=\"http:\/\/legions-romaines.fr\/blog\/2019\/02\/emil-ritterling-legio-realencyclopaedie\/\" target=\"_blank\" rel=\"noopener noreferrer\">disponible ici<\/a>]<\/p>\n\n\n\n<p>REINACH (A.-J.), \u00ab\u00a0Signa Militaria\u00a0\u00bb,&nbsp;dans&nbsp;<em>Dictionnaire des antiquit\u00e9s grecques et romaines<\/em>, IV.2, Paris, 1909, col. 1307-1325. [<a href=\"http:\/\/www.legions-romaines.fr\/articles\/reinach_1909_signa.pdf\" target=\"_blank\" rel=\"noopener noreferrer\">t\u00e9l\u00e9charger le PDF<\/a>]<\/p>\n\n\n\n<p>RIESE (A.), \u00ab\u00a0\u00dcber die f\u00fcnften Legionen und ihre Beinamen\u00a0\u00bb, dans <em>Germania. Korrespondenzblatt der R\u00f6misch-Germanischen Kommission<\/em>, 1, 1917, pp. 38-42. <a href=\"https:\/\/www.legions-romaines.fr\/articles\/riese_1917_funften_legionen.pdf\" target=\"_blank\" rel=\"noreferrer noopener\">[t\u00e9l\u00e9charger le PDF]<\/a><\/p>\n\n\n\n<p>RITTERLING (E.), \u00ab&nbsp;<em>Legio<\/em>. Bestand, Verteilung und kriegerische Bet\u00e4tigung der Legionen des stehenden Heeres von Augustus bis Diocletian&nbsp;\u00bb, dans&nbsp;<em>Paulys Realencyclop\u00e4die der classischen Altertumswissenschaft<\/em>, XII.1-2, Stuttgart, 1924\/5, col. 1211-1829. [<a href=\"http:\/\/legions-romaines.fr\/blog\/2019\/02\/emil-ritterling-legio-realencyclopaedie\/\" target=\"_blank\" rel=\"noopener noreferrer\">disponible ici<\/a>]<\/p>\n\n\n\n<p><strong>ARTICLES DIVERS :<\/strong><\/p>\n\n\n\n<p>KROMAYER (J.), \u00ab\u00a0Die Militaercolonien Octavians und Caesars in Gallia Narbonensis\u00a0\u00bb, dans&nbsp;<em>Hermes<\/em>, 31-1, 1896, p. 1-18.&nbsp;<a href=\"http:\/\/www.legions-romaines.fr\/articles\/kromayer_1896_militaercolonien.pdf\" target=\"_blank\" rel=\"noopener noreferrer\">[t\u00e9l\u00e9charger le PDF]<\/a><\/p>\n\n\n\n<p>Page\u00a0mise \u00e0 jour le 11 juin 2025.<\/p>\n","protected":false},"excerpt":{"rendered":"<p>Cette biblioth\u00e8que num\u00e9rique a pour objectif de favoriser l&rsquo;acc\u00e8s du plus grand nombre \u00e0 des ouvrages et des articles utiles \u00e0 la recherche sur les l\u00e9gions romaines. Les textes propos\u00e9s au t\u00e9l\u00e9chargement font g\u00e9n\u00e9ralement partie du domaine public. D&rsquo;autres sont mis \u00e0 disposition avec l&rsquo;accord de leur auteur. RECHERCHES PERSONNELLES : GERARDIN (B.), La L\u00e9gion [&hellip;]<\/p>\n","protected":false},"author":2,"featured_media":0,"parent":0,"menu_order":0,"comment_status":"open","ping_status":"open","template":"","meta":{"footnotes":""},"class_list":["post-59","page","type-page","status-publish","hentry"],"yoast_head":"<!-- This site is optimized with the Yoast SEO plugin v26.0 - https:\/\/yoast.com\/wordpress\/plugins\/seo\/ -->\n<title>BIBLIOTH\u00c8QUE NUM\u00c9RIQUE - CONTRIBUTIONS \u00c0 L&#039;\u00c9TUDE DES L\u00c9GIONS ROMAINES<\/title>\n<meta name=\"robots\" content=\"index, follow, max-snippet:-1, max-image-preview:large, max-video-preview:-1\" \/>\n<link rel=\"canonical\" href=\"https:\/\/www.legions-romaines.fr\/blog\/bibliotheque-numerique\/\" \/>\n<meta property=\"og:locale\" content=\"fr_FR\" \/>\n<meta property=\"og:type\" content=\"article\" \/>\n<meta property=\"og:title\" content=\"BIBLIOTH\u00c8QUE NUM\u00c9RIQUE - CONTRIBUTIONS \u00c0 L&#039;\u00c9TUDE DES L\u00c9GIONS ROMAINES\" \/>\n<meta property=\"og:description\" content=\"Cette biblioth\u00e8que num\u00e9rique a pour objectif de favoriser l&rsquo;acc\u00e8s du plus grand nombre \u00e0 des ouvrages et des articles utiles \u00e0 la recherche sur les l\u00e9gions romaines. Les textes propos\u00e9s au t\u00e9l\u00e9chargement font g\u00e9n\u00e9ralement partie du domaine public. D&rsquo;autres sont mis \u00e0 disposition avec l&rsquo;accord de leur auteur. RECHERCHES PERSONNELLES : GERARDIN (B.), La L\u00e9gion [&hellip;]\" \/>\n<meta property=\"og:url\" content=\"https:\/\/www.legions-romaines.fr\/blog\/bibliotheque-numerique\/\" \/>\n<meta property=\"og:site_name\" content=\"CONTRIBUTIONS \u00c0 L&#039;\u00c9TUDE DES L\u00c9GIONS ROMAINES\" \/>\n<meta property=\"article:modified_time\" content=\"2025-06-11T16:09:37+00:00\" \/>\n<meta name=\"twitter:card\" content=\"summary_large_image\" \/>\n<meta name=\"twitter:label1\" content=\"Dur\u00e9e de lecture estim\u00e9e\" \/>\n\t<meta name=\"twitter:data1\" content=\"3 minutes\" \/>\n<script type=\"application\/ld+json\" class=\"yoast-schema-graph\">{\"@context\":\"https:\/\/schema.org\",\"@graph\":[{\"@type\":\"WebPage\",\"@id\":\"https:\/\/www.legions-romaines.fr\/blog\/bibliotheque-numerique\/\",\"url\":\"https:\/\/www.legions-romaines.fr\/blog\/bibliotheque-numerique\/\",\"name\":\"BIBLIOTH\u00c8QUE NUM\u00c9RIQUE - CONTRIBUTIONS \u00c0 L&#039;\u00c9TUDE DES L\u00c9GIONS ROMAINES\",\"isPartOf\":{\"@id\":\"https:\/\/www.legions-romaines.fr\/blog\/#website\"},\"datePublished\":\"2013-10-23T16:48:05+00:00\",\"dateModified\":\"2025-06-11T16:09:37+00:00\",\"breadcrumb\":{\"@id\":\"https:\/\/www.legions-romaines.fr\/blog\/bibliotheque-numerique\/#breadcrumb\"},\"inLanguage\":\"fr-FR\",\"potentialAction\":[{\"@type\":\"ReadAction\",\"target\":[\"https:\/\/www.legions-romaines.fr\/blog\/bibliotheque-numerique\/\"]}]},{\"@type\":\"BreadcrumbList\",\"@id\":\"https:\/\/www.legions-romaines.fr\/blog\/bibliotheque-numerique\/#breadcrumb\",\"itemListElement\":[{\"@type\":\"ListItem\",\"position\":1,\"name\":\"Accueil\",\"item\":\"https:\/\/www.legions-romaines.fr\/blog\/\"},{\"@type\":\"ListItem\",\"position\":2,\"name\":\"BIBLIOTH\u00c8QUE NUM\u00c9RIQUE\"}]},{\"@type\":\"WebSite\",\"@id\":\"https:\/\/www.legions-romaines.fr\/blog\/#website\",\"url\":\"https:\/\/www.legions-romaines.fr\/blog\/\",\"name\":\"L\u00c9GIONS ROMAINES\",\"description\":\"Carnet de recherche sur l&#039;arm\u00e9e romaine tardo-r\u00e9publicaine et la transmission des textes du corpus c\u00e9sarien\",\"publisher\":{\"@id\":\"https:\/\/www.legions-romaines.fr\/blog\/#\/schema\/person\/e368692ce5709607b047631756b5a38d\"},\"potentialAction\":[{\"@type\":\"SearchAction\",\"target\":{\"@type\":\"EntryPoint\",\"urlTemplate\":\"https:\/\/www.legions-romaines.fr\/blog\/?s={search_term_string}\"},\"query-input\":{\"@type\":\"PropertyValueSpecification\",\"valueRequired\":true,\"valueName\":\"search_term_string\"}}],\"inLanguage\":\"fr-FR\"},{\"@type\":[\"Person\",\"Organization\"],\"@id\":\"https:\/\/www.legions-romaines.fr\/blog\/#\/schema\/person\/e368692ce5709607b047631756b5a38d\",\"name\":\"Batiste G\u00e9rardin\",\"image\":{\"@type\":\"ImageObject\",\"inLanguage\":\"fr-FR\",\"@id\":\"https:\/\/www.legions-romaines.fr\/blog\/#\/schema\/person\/image\/\",\"url\":\"https:\/\/secure.gravatar.com\/avatar\/7cf561c219d32073b346099c6beb77a3119859576639b12b98cf7a1688ea8483?s=96&d=mm&r=g\",\"contentUrl\":\"https:\/\/secure.gravatar.com\/avatar\/7cf561c219d32073b346099c6beb77a3119859576639b12b98cf7a1688ea8483?s=96&d=mm&r=g\",\"caption\":\"Batiste G\u00e9rardin\"},\"logo\":{\"@id\":\"https:\/\/www.legions-romaines.fr\/blog\/#\/schema\/person\/image\/\"},\"sameAs\":[\"http:\/\/www.legions-romaines.fr\"]}]}<\/script>\n<!-- \/ Yoast SEO plugin. -->","yoast_head_json":{"title":"BIBLIOTH\u00c8QUE NUM\u00c9RIQUE - CONTRIBUTIONS \u00c0 L&#039;\u00c9TUDE DES L\u00c9GIONS ROMAINES","robots":{"index":"index","follow":"follow","max-snippet":"max-snippet:-1","max-image-preview":"max-image-preview:large","max-video-preview":"max-video-preview:-1"},"canonical":"https:\/\/www.legions-romaines.fr\/blog\/bibliotheque-numerique\/","og_locale":"fr_FR","og_type":"article","og_title":"BIBLIOTH\u00c8QUE NUM\u00c9RIQUE - CONTRIBUTIONS \u00c0 L&#039;\u00c9TUDE DES L\u00c9GIONS ROMAINES","og_description":"Cette biblioth\u00e8que num\u00e9rique a pour objectif de favoriser l&rsquo;acc\u00e8s du plus grand nombre \u00e0 des ouvrages et des articles utiles \u00e0 la recherche sur les l\u00e9gions romaines. Les textes propos\u00e9s au t\u00e9l\u00e9chargement font g\u00e9n\u00e9ralement partie du domaine public. D&rsquo;autres sont mis \u00e0 disposition avec l&rsquo;accord de leur auteur. RECHERCHES PERSONNELLES : GERARDIN (B.), La L\u00e9gion [&hellip;]","og_url":"https:\/\/www.legions-romaines.fr\/blog\/bibliotheque-numerique\/","og_site_name":"CONTRIBUTIONS \u00c0 L&#039;\u00c9TUDE DES L\u00c9GIONS ROMAINES","article_modified_time":"2025-06-11T16:09:37+00:00","twitter_card":"summary_large_image","twitter_misc":{"Dur\u00e9e de lecture estim\u00e9e":"3 minutes"},"schema":{"@context":"https:\/\/schema.org","@graph":[{"@type":"WebPage","@id":"https:\/\/www.legions-romaines.fr\/blog\/bibliotheque-numerique\/","url":"https:\/\/www.legions-romaines.fr\/blog\/bibliotheque-numerique\/","name":"BIBLIOTH\u00c8QUE NUM\u00c9RIQUE - CONTRIBUTIONS \u00c0 L&#039;\u00c9TUDE DES L\u00c9GIONS ROMAINES","isPartOf":{"@id":"https:\/\/www.legions-romaines.fr\/blog\/#website"},"datePublished":"2013-10-23T16:48:05+00:00","dateModified":"2025-06-11T16:09:37+00:00","breadcrumb":{"@id":"https:\/\/www.legions-romaines.fr\/blog\/bibliotheque-numerique\/#breadcrumb"},"inLanguage":"fr-FR","potentialAction":[{"@type":"ReadAction","target":["https:\/\/www.legions-romaines.fr\/blog\/bibliotheque-numerique\/"]}]},{"@type":"BreadcrumbList","@id":"https:\/\/www.legions-romaines.fr\/blog\/bibliotheque-numerique\/#breadcrumb","itemListElement":[{"@type":"ListItem","position":1,"name":"Accueil","item":"https:\/\/www.legions-romaines.fr\/blog\/"},{"@type":"ListItem","position":2,"name":"BIBLIOTH\u00c8QUE NUM\u00c9RIQUE"}]},{"@type":"WebSite","@id":"https:\/\/www.legions-romaines.fr\/blog\/#website","url":"https:\/\/www.legions-romaines.fr\/blog\/","name":"L\u00c9GIONS ROMAINES","description":"Carnet de recherche sur l&#039;arm\u00e9e romaine tardo-r\u00e9publicaine et la transmission des textes du corpus c\u00e9sarien","publisher":{"@id":"https:\/\/www.legions-romaines.fr\/blog\/#\/schema\/person\/e368692ce5709607b047631756b5a38d"},"potentialAction":[{"@type":"SearchAction","target":{"@type":"EntryPoint","urlTemplate":"https:\/\/www.legions-romaines.fr\/blog\/?s={search_term_string}"},"query-input":{"@type":"PropertyValueSpecification","valueRequired":true,"valueName":"search_term_string"}}],"inLanguage":"fr-FR"},{"@type":["Person","Organization"],"@id":"https:\/\/www.legions-romaines.fr\/blog\/#\/schema\/person\/e368692ce5709607b047631756b5a38d","name":"Batiste G\u00e9rardin","image":{"@type":"ImageObject","inLanguage":"fr-FR","@id":"https:\/\/www.legions-romaines.fr\/blog\/#\/schema\/person\/image\/","url":"https:\/\/secure.gravatar.com\/avatar\/7cf561c219d32073b346099c6beb77a3119859576639b12b98cf7a1688ea8483?s=96&d=mm&r=g","contentUrl":"https:\/\/secure.gravatar.com\/avatar\/7cf561c219d32073b346099c6beb77a3119859576639b12b98cf7a1688ea8483?s=96&d=mm&r=g","caption":"Batiste G\u00e9rardin"},"logo":{"@id":"https:\/\/www.legions-romaines.fr\/blog\/#\/schema\/person\/image\/"},"sameAs":["http:\/\/www.legions-romaines.fr"]}]}},"_links":{"self":[{"href":"https:\/\/www.legions-romaines.fr\/blog\/wp-json\/wp\/v2\/pages\/59","targetHints":{"allow":["GET"]}}],"collection":[{"href":"https:\/\/www.legions-romaines.fr\/blog\/wp-json\/wp\/v2\/pages"}],"about":[{"href":"https:\/\/www.legions-romaines.fr\/blog\/wp-json\/wp\/v2\/types\/page"}],"author":[{"embeddable":true,"href":"https:\/\/www.legions-romaines.fr\/blog\/wp-json\/wp\/v2\/users\/2"}],"replies":[{"embeddable":true,"href":"https:\/\/www.legions-romaines.fr\/blog\/wp-json\/wp\/v2\/comments?post=59"}],"version-history":[{"count":30,"href":"https:\/\/www.legions-romaines.fr\/blog\/wp-json\/wp\/v2\/pages\/59\/revisions"}],"predecessor-version":[{"id":4072,"href":"https:\/\/www.legions-romaines.fr\/blog\/wp-json\/wp\/v2\/pages\/59\/revisions\/4072"}],"wp:attachment":[{"href":"https:\/\/www.legions-romaines.fr\/blog\/wp-json\/wp\/v2\/media?parent=59"}],"curies":[{"name":"wp","href":"https:\/\/api.w.org\/{rel}","templated":true}]}}